{"id":879,"date":"2016-03-11T08:00:01","date_gmt":"2016-03-11T07:00:01","guid":{"rendered":"http:\/\/104.131.255.213\/specular\/business2\/?page_id=790"},"modified":"2022-10-17T10:29:54","modified_gmt":"2022-10-17T09:29:54","slug":"accueil","status":"publish","type":"page","link":"https:\/\/cereco.net\/web\/","title":{"rendered":"Accueil"},"content":{"rendered":"\n<figure class=\"wp-block-video aligncenter\" align=\"center\"><video autoplay controls loop src=\"http:\/\/cereco.net\/web\/wp-content\/uploads\/2022\/08\/CERC-Grand-est1-1.mp4\"><\/video><\/figure>\n\n\n\n<div class=\"wp-block-media-text alignwide is-stacked-on-mobile\"><figure class=\"wp-block-media-text__media\"><img loading=\"lazy\" width=\"1024\" height=\"700\" src=\"https:\/\/cereco.net\/web\/wp-content\/uploads\/2022\/10\/Premiere-1-1024x700.png\" alt=\"\" class=\"wp-image-4248 size-full\" srcset=\"https:\/\/cereco.net\/web\/wp-content\/uploads\/2022\/10\/Premiere-1-1024x700.png 1024w, https:\/\/cereco.net\/web\/wp-content\/uploads\/2022\/10\/Premiere-1-300x205.png 300w, https:\/\/cereco.net\/web\/wp-content\/uploads\/2022\/10\/Premiere-1.png 1295w\" sizes=\"(max-width: 1024px) 100vw, 1024px\" \/><\/figure><div class=\"wp-block-media-text__content\">\n<p class=\"has-text-align-right has-medium-font-size\"><strong>Barom\u00e8tre des infrastructures de la Transition Ecologique<\/strong> <strong>Grand Est<\/strong> &#x267b;&#xfe0f;\u200b<\/p>\n\n\n\n<p class=\"has-drop-cap has-text-align-right\">Face \u00e0 l&rsquo;urgence climatique \u200b&#x1f321;&#xfe0f;\u200b, la France s&rsquo;est engag\u00e9e dans une <strong>Strat\u00e9gie Nationale Bas-Carbone<\/strong> (SNBC) fixant les orientations et objectifs vers l&rsquo;atteinte de la neutralit\u00e9 carbone \u00e0 horizon 2050&#x1f4d1;\u200b. La mise en \u0153uvre de la trajectoire vers une \u00e9conomie bas-carbone &amp; circulaire est reprise et adapt\u00e9e au niveau r\u00e9gional dans le cadre de diff\u00e9rents Plans d&rsquo;Actions  : SRADDET Grand Est, SRDEII, SDAGE Rhin-Meuse &#8230;  <\/p>\n\n\n\n<p class=\"has-text-align-right\">&#x1f91d;\u200b En partenariat avec la FNTP, la F\u00e9d\u00e9ration R\u00e9gionale des Travaux Publics Grand Est et le GIE R\u00e9seau des CERC, la CERC Grand Est fait partie des r\u00e9gions pilotes (avec Auvergne-Rh\u00f4ne-Alpes, Bourgogne-Franche-Comt\u00e9, Bretagne, Centre-Val de Loire, Nouvelle-Aquitaine et Provence-Alpes-C\u00f4te d&rsquo;Azur) ayant con\u00e7u et publi\u00e9 ce tout nouveau &#x1f50e;\u200b <strong><a rel=\"noreferrer noopener\" href=\"http:\/\/cereco.net\/web\/wp-content\/uploads\/2022\/10\/Barometre_GE_VF.pdf\" target=\"_blank\">Barom\u00e8tre des infrastructures de la Transition Ecologique<\/a><\/strong> \u00e0 l&rsquo;\u00e9chelle r\u00e9gionale\u200b\u200b&#x1f4cc; <\/p>\n\n\n\n<p class=\"has-text-align-right\">L&rsquo;objectif de ces nouvelles analyses r\u00e9gionales vise \u00e0 <strong>mesurer et appr\u00e9hender<\/strong> le r\u00f4le des infrastructures dans le d\u00e9veloppement plus vertueux \u200b&#x267b;&#xfe0f;\u200b des territoires de notre R\u00e9gion. <\/p>\n\n\n\n<p class=\"has-text-align-right\">&#x1f50e; Consulter \u00e9galement le <a href=\"https:\/\/giecerc.netexplorer.pro\/fdl\/M90wRkrX4n\" target=\"_blank\" rel=\"noreferrer noopener\"><strong>Barom\u00e8tre interr\u00e9gional<\/strong><\/a>  <\/p>\n\n\n\n<p class=\"has-text-align-right\">&#x1f3ac; Par ces travaux, la Cellule Economique R\u00e9gionale de la Construction Grand Est participe \u00e0 la semaine <a href=\"https:\/\/acteurspourlaplanete.fntp.fr\/wp-content\/uploads\/2022\/01\/aplp-manifesto-250122.pdf\" target=\"_blank\" rel=\"noreferrer noopener\">#Acteurspourlaplan\u00e8te<\/a> de la FNTP du 17 au 21 octobre.<\/p>\n\n\n\n<p class=\"has-text-align-right\">&#x1f449;\u200b <a href=\"https:\/\/acteurspourlaplanete.fntp.fr\/evenements\/semaine-acteurs-pour-la-planete\/\" target=\"_blank\" rel=\"noreferrer noopener\">Cliquer<\/a> pour en savoir plus sur l&rsquo;\u00e9v\u00e8nement   <\/p>\n<\/div><\/div>\n\n\n\n<div class=\"wp-block-group alignwide\"><div class=\"wp-block-group__inner-container\">\n<div class=\"wp-block-media-text alignwide has-media-on-the-right is-stacked-on-mobile\" style=\"grid-template-columns:auto 32%\"><figure class=\"wp-block-media-text__media\"><img loading=\"lazy\" width=\"436\" height=\"615\" src=\"http:\/\/cereco.net\/web\/wp-content\/uploads\/2022\/08\/Appel_relayer.png\" alt=\"\" class=\"wp-image-4128 size-full\" srcset=\"https:\/\/cereco.net\/web\/wp-content\/uploads\/2022\/08\/Appel_relayer.png 436w, https:\/\/cereco.net\/web\/wp-content\/uploads\/2022\/08\/Appel_relayer-213x300.png 213w\" sizes=\"(max-width: 436px) 100vw, 436px\" \/><\/figure><div class=\"wp-block-media-text__content\">\n<p class=\"has-medium-font-size\"><strong>Crise des mat\u00e9riaux &#8211; Appel \u00e0 relayer<\/strong><\/p>\n\n\n\n<p class=\"has-drop-cap\">Les&nbsp;<a href=\"https:\/\/www.linkedin.com\/feed\/hashtag\/?keywords=notesdeconjonctures&amp;highlightedUpdateUrns=urn%3Ali%3Aactivity%3A6960180534819880960\">#notesdeconjonctures<\/a>&nbsp;Flash vous permettent de suivre l&rsquo;actualit\u00e9 et l&rsquo;\u00e9volutions des difficult\u00e9s rencontr\u00e9es par les entreprises de B\u00e2timent et Travaux Publics et les fournisseurs du&nbsp;<a href=\"https:\/\/www.linkedin.com\/feed\/hashtag\/?keywords=grandest&amp;highlightedUpdateUrns=urn%3Ali%3Aactivity%3A6960180534819880960\">#grandest<\/a>&nbsp;&#x1f4cd;<\/p>\n\n\n\n<p class=\"has-drop-cap\"><br><br>&#x1f91d; Pour publier ces notes, nous avons besoins de vous ! N&rsquo;h\u00e9sitez pas \u00e0 relayer notre enqu\u00eate Flash qui est \u00e0 compl\u00e9ter jusqu&rsquo;au 19 ao\u00fbt &#x1f4c6;<br><br>&#x1f441;&#xfe0f;&#x200d;&#x1f5e8;&#xfe0f; Consultez et t\u00e9l\u00e9chargez les r\u00e9sultats et analyses de la premi\u00e8re Note de conjoncture Flash faisant \u00e9tat de la situation \u00e0 fin mai ici &#x2b07;&#xfe0f;<br><a href=\"https:\/\/bit.ly\/3Q7uI7G\">https:\/\/bit.ly\/3Q7uI7G<\/a><\/p>\n\n\n\n<p><\/p>\n<\/div><\/div>\n\n\n\n<div style=\"height:23px\" aria-hidden=\"true\" class=\"wp-block-spacer\"><\/div>\n\n\n\n<hr class=\"wp-block-separator\"\/>\n\n\n\n<p class=\"has-text-align-center has-huge-font-size\"><strong>Actualit\u00e9s<\/strong><\/p>\n\n\n\n<hr class=\"wp-block-separator\"\/>\n\n\n\n<div style=\"height:23px\" aria-hidden=\"true\" class=\"wp-block-spacer\"><\/div>\n\n\n\n<div class=\"wp-block-media-text alignwide is-stacked-on-mobile\" style=\"grid-template-columns:36% auto\"><figure class=\"wp-block-media-text__media\"><img loading=\"lazy\" width=\"724\" height=\"1024\" src=\"https:\/\/cereco.net\/web\/wp-content\/uploads\/2022\/08\/Article_emploi-formation_CERC-1-724x1024.png\" alt=\"\" class=\"wp-image-4137 size-full\" srcset=\"https:\/\/cereco.net\/web\/wp-content\/uploads\/2022\/08\/Article_emploi-formation_CERC-1-724x1024.png 724w, https:\/\/cereco.net\/web\/wp-content\/uploads\/2022\/08\/Article_emploi-formation_CERC-1-212x300.png 212w, https:\/\/cereco.net\/web\/wp-content\/uploads\/2022\/08\/Article_emploi-formation_CERC-1-1086x1536.png 1086w, https:\/\/cereco.net\/web\/wp-content\/uploads\/2022\/08\/Article_emploi-formation_CERC-1.png 1414w\" sizes=\"(max-width: 724px) 100vw, 724px\" \/><\/figure><div class=\"wp-block-media-text__content\">\n<p class=\"has-medium-font-size\"><strong>Quelles difficult\u00e9s de recrutement et quels besoins de main d&rsquo;\u0153uvre pour les entreprises de Travaux Publics dans le Grand Est ? <\/strong><\/p>\n\n\n\n<p class=\"has-drop-cap\">L&#8217;emploi et la formation sont des domaines essentiels \u00e9tudi\u00e9s par la CERC Grand Est, car il est tr\u00e8s utile pour les entreprises de BTP de pouvoir appr\u00e9hender les m\u00e9tiers et besoins de demain. <\/p>\n\n\n\n<p><\/p>\n\n\n\n<div style=\"height:24px\" aria-hidden=\"true\" class=\"wp-block-spacer\"><\/div>\n\n\n\n<p>L&rsquo;enqu\u00eate EDEC TP men\u00e9e en 2021 illustre plusieurs probl\u00e9matiques, mises en avant dans ce nouvel article &#8230; <\/p>\n\n\n\n<ul><li>Besoins, difficult\u00e9s et solutions<\/li><li>La formation continue : dynamique, type et pratiques de formations, difficult\u00e9 de mise en place <\/li><li>Nouvelle strat\u00e9gie et axes de demain &#8230; <\/li><\/ul>\n<\/div><\/div>\n<\/div><\/div>\n\n\n\n<div style=\"height:23px\" aria-hidden=\"true\" class=\"wp-block-spacer\"><\/div>\n\n\n\n<div class=\"wp-block-group alignwide\"><div class=\"wp-block-group__inner-container\">\n<div class=\"wp-block-media-text alignwide is-stacked-on-mobile\" style=\"grid-template-columns:35% auto\"><figure class=\"wp-block-media-text__media\"><img loading=\"lazy\" width=\"1024\" height=\"1024\" src=\"http:\/\/cereco.net\/web\/wp-content\/uploads\/2022\/08\/Reunion-Territoriale-note-1024x1024.png\" alt=\"\" class=\"wp-image-4059 size-full\" srcset=\"https:\/\/cereco.net\/web\/wp-content\/uploads\/2022\/08\/Reunion-Territoriale-note-1024x1024.png 1024w, https:\/\/cereco.net\/web\/wp-content\/uploads\/2022\/08\/Reunion-Territoriale-note-300x300.png 300w, https:\/\/cereco.net\/web\/wp-content\/uploads\/2022\/08\/Reunion-Territoriale-note-150x150.png 150w, https:\/\/cereco.net\/web\/wp-content\/uploads\/2022\/08\/Reunion-Territoriale-note-600x600.png 600w, https:\/\/cereco.net\/web\/wp-content\/uploads\/2022\/08\/Reunion-Territoriale-note-350x350.png 350w, https:\/\/cereco.net\/web\/wp-content\/uploads\/2022\/08\/Reunion-Territoriale-note.png 1080w\" sizes=\"(max-width: 1024px) 100vw, 1024px\" \/><\/figure><div class=\"wp-block-media-text__content\">\n<p class=\"has-medium-font-size\"><strong>Le 11 octobre 2022 \u00e0 Ch\u00e2lons-en-Champagne<\/strong><\/p>\n\n\n\n<p class=\"has-drop-cap\">La CERC Grand Est r\u00e9active son animation territoriale en co-organisation avec les Organisations Professionnelles du territoire ! <\/p>\n\n\n\n<p class=\"has-drop-cap\"><br><br>Le premier rendez-vous se d\u00e9roulera le 11 octobre 2022 \u00e0 Ch\u00e2lons-en-Champagne. Le BTP, comme d&rsquo;autres secteurs, fait face \u00e0 une situation de crise in\u00e9dite dont les cons\u00e9quences sociaux-\u00e9conomiques impactent de plus en plus la sant\u00e9 des entreprises &amp; des collaborateurs. Chacun faisant face \u00e0 ses propres ressentis, il reste difficile d&rsquo;avoir une visibilit\u00e9 \u00e0 court et moyen termes &#8230; c&rsquo;est pourquoi nous vous proposons de nous retrouver pour \u00e9changer, partager, soutenir nos actions communes ! <br><br>Parmi plusieurs th\u00e9matiques fils rouge, nous vous proposons de nous donner nous votre avis ! &#x1f4ac;<br><br>Nous vous invitons \u00e0 r\u00e9pondre \u00e0 ce sondage pour nous donner votre avis sur la th\u00e9matique conductrice \u00e0 traiter lors de cette r\u00e9union. &#x270f;&#xfe0f;&#x1f4dd;<br><br>Vous trouverez ci-dessous le lien vers le sondage &#x2b07;&#xfe0f;<br><br><a href=\"https:\/\/lnkd.in\/e4_GQ259\">https:\/\/lnkd.in\/e4_GQ259<\/a><br><br><strong>Plusieurs sujets semblent d\u00e9j\u00e0 avoir trouv\u00e9 de l\u2019int\u00e9r\u00eat aux yeux des partenaires, et vous de quoi voudriez-vous parler&nbsp;?<\/strong><\/p>\n<\/div><\/div>\n<\/div><\/div>\n\n\n\n<div style=\"height:23px\" aria-hidden=\"true\" class=\"wp-block-spacer\"><\/div>\n\n\n\n<div class=\"wp-block-media-text alignwide is-stacked-on-mobile\" style=\"grid-template-columns:35% auto\"><figure class=\"wp-block-media-text__media\"><img loading=\"lazy\" width=\"724\" height=\"1024\" src=\"http:\/\/cereco.net\/web\/wp-content\/uploads\/2022\/08\/NoteFlash1-724x1024.png\" alt=\"\" class=\"wp-image-4063 size-full\" srcset=\"https:\/\/cereco.net\/web\/wp-content\/uploads\/2022\/08\/NoteFlash1-724x1024.png 724w, https:\/\/cereco.net\/web\/wp-content\/uploads\/2022\/08\/NoteFlash1-212x300.png 212w, https:\/\/cereco.net\/web\/wp-content\/uploads\/2022\/08\/NoteFlash1-1086x1536.png 1086w, https:\/\/cereco.net\/web\/wp-content\/uploads\/2022\/08\/NoteFlash1.png 1414w\" sizes=\"(max-width: 724px) 100vw, 724px\" \/><\/figure><div class=\"wp-block-media-text__content\">\n<p class=\"has-medium-font-size\"><strong>Note Flash#1<\/strong><\/p>\n\n\n\n<p class=\"has-drop-cap has-normal-font-size\">R\u00e9alis\u00e9 \u00e0 partir de la Note Flash num\u00e9ro 1 sortie le 03 juin 2022 par la CERC Grand Est, cet article en est un r\u00e9sum\u00e9 et rappelle la situation des entreprises \u00e0 la fin mai. Cette \u00e9tude mise en place avec le Monitoring 5C montre les \u00e9volutions de l\u2019activit\u00e9 des entreprises de la fili\u00e8re construction impact\u00e9es par le conflit en Ukraine et analyse les chiffres cl\u00e9s li\u00e9s \u00e0 cette situation in\u00e9dite que traverse l\u2019\u00e9conomie. Ainsi, vous retrouverez dans cet article un r\u00e9sum\u00e9 de la situation expliqu\u00e9e dans la Note Flash ainsi que des exemples de solutions mises en place pour aider les entreprises et soutenir l\u2019\u00e9conomie et enfin, vous trouverez un sch\u00e9ma explicatif des causes \u00e0 effets de cette crise sur l\u2019\u00e9conomie du BTP en Grand Est.<\/p>\n<\/div><\/div>\n\n\n\n<div style=\"height:23px\" aria-hidden=\"true\" class=\"wp-block-spacer\"><\/div>\n\n\n\n<hr class=\"wp-block-separator aligncenter is-style-default\"\/>\n\n\n\n<p class=\"has-text-align-center has-huge-font-size\"><strong>Rapport d&rsquo;activit\u00e9 2021 de la CERC<\/strong><\/p>\n\n\n\n<hr class=\"wp-block-separator is-style-default\"\/>\n\n\n\n<div class=\"wp-block-media-text alignwide is-stacked-on-mobile\" style=\"grid-template-columns:28% auto\"><figure class=\"wp-block-media-text__media\"><img loading=\"lazy\" width=\"265\" height=\"330\" src=\"http:\/\/cereco.net\/web\/wp-content\/uploads\/2022\/08\/panorama_detudes.png\" alt=\"\" class=\"wp-image-4084 size-full\" srcset=\"https:\/\/cereco.net\/web\/wp-content\/uploads\/2022\/08\/panorama_detudes.png 265w, https:\/\/cereco.net\/web\/wp-content\/uploads\/2022\/08\/panorama_detudes-241x300.png 241w\" sizes=\"(max-width: 265px) 100vw, 265px\" \/><\/figure><div class=\"wp-block-media-text__content\">\n<p>En&nbsp;<strong>2021<\/strong>, la CERC Grand Est a produit pas moins de&nbsp;<strong>45 publications<\/strong>&nbsp;portant sur 5 th\u00e9matiques :<\/p>\n\n\n\n<p>\u2013 Conjoncture et activit\u00e9 \u00e9conomique de la Construction<\/p>\n\n\n\n<p>\u2013 Emploi, m\u00e9tiers et formation<\/p>\n\n\n\n<p>\u2013 Transition \u00e9nerg\u00e9tique et B\u00e2timent Durable<\/p>\n\n\n\n<p>\u2013 Commande Publique<\/p>\n\n\n\n<p>\u2013 Patrimoine, infrastructures et r\u00e9seaux<\/p>\n\n\n\n<p>&#x1f449;&#x1f3fc; <a href=\"https:\/\/fr.calameo.com\/read\/006990918119fd44e8b72\">Consulter ici<\/a><\/p>\n<\/div><\/div>\n\n\n\n<div style=\"height:23px\" aria-hidden=\"true\" class=\"wp-block-spacer\"><\/div>\n\n\n\n<ul class=\"wp-block-social-links aligncenter has-large-icon-size items-justified-center is-style-pill-shape\"><li class=\"wp-social-link wp-social-link-twitter wp-block-social-link\"><a href=\"https:\/\/twitter.com\/CERCGE\" aria-label=\"Twitter\u00a0: https:\/\/twitter.com\/CERCGE\" rel=\"noopener nofollow\" target=\"_blank\" class=\"wp-block-social-link-anchor\"> <svg width=\"24\" height=\"24\" viewBox=\"0 0 24 24\" version=\"1.1\" xmlns=\"http:\/\/www.w3.org\/2000\/svg\" role=\"img\" aria-hidden=\"true\" focusable=\"false\"><path d=\"M22.23,5.924c-0.736,0.326-1.527,0.547-2.357,0.646c0.847-0.508,1.498-1.312,1.804-2.27 c-0.793,0.47-1.671,0.812-2.606,0.996C18.324,4.498,17.257,4,16.077,4c-2.266,0-4.103,1.837-4.103,4.103 c0,0.322,0.036,0.635,0.106,0.935C8.67,8.867,5.647,7.234,3.623,4.751C3.27,5.357,3.067,6.062,3.067,6.814 c0,1.424,0.724,2.679,1.825,3.415c-0.673-0.021-1.305-0.206-1.859-0.513c0,0.017,0,0.034,0,0.052c0,1.988,1.414,3.647,3.292,4.023 c-0.344,0.094-0.707,0.144-1.081,0.144c-0.264,0-0.521-0.026-0.772-0.074c0.522,1.63,2.038,2.816,3.833,2.85 c-1.404,1.1-3.174,1.756-5.096,1.756c-0.331,0-0.658-0.019-0.979-0.057c1.816,1.164,3.973,1.843,6.29,1.843 c7.547,0,11.675-6.252,11.675-11.675c0-0.178-0.004-0.355-0.012-0.531C20.985,7.47,21.68,6.747,22.23,5.924z\"><\/path><\/svg><\/a><\/li>\n\n<li class=\"wp-social-link wp-social-link-linkedin wp-block-social-link\"><a href=\"https:\/\/www.linkedin.com\/company\/cerc-grandest\/\" aria-label=\"LinkedIn\u00a0: https:\/\/www.linkedin.com\/company\/cerc-grandest\/\" rel=\"noopener nofollow\" target=\"_blank\" class=\"wp-block-social-link-anchor\"> <svg width=\"24\" height=\"24\" viewBox=\"0 0 24 24\" version=\"1.1\" xmlns=\"http:\/\/www.w3.org\/2000\/svg\" role=\"img\" aria-hidden=\"true\" focusable=\"false\"><path d=\"M19.7,3H4.3C3.582,3,3,3.582,3,4.3v15.4C3,20.418,3.582,21,4.3,21h15.4c0.718,0,1.3-0.582,1.3-1.3V4.3 C21,3.582,20.418,3,19.7,3z M8.339,18.338H5.667v-8.59h2.672V18.338z M7.004,8.574c-0.857,0-1.549-0.694-1.549-1.548 c0-0.855,0.691-1.548,1.549-1.548c0.854,0,1.547,0.694,1.547,1.548C8.551,7.881,7.858,8.574,7.004,8.574z M18.339,18.338h-2.669 v-4.177c0-0.996-0.017-2.278-1.387-2.278c-1.389,0-1.601,1.086-1.601,2.206v4.249h-2.667v-8.59h2.559v1.174h0.037 c0.356-0.675,1.227-1.387,2.526-1.387c2.703,0,3.203,1.779,3.203,4.092V18.338z\"><\/path><\/svg><\/a><\/li>\n\n<li class=\"wp-social-link wp-social-link-mail wp-block-social-link\"><a href=\"http:\/\/contact.cerc@i-carre.net\" aria-label=\"Mail\u00a0: contact.cerc@i-carre.net\" rel=\"noopener nofollow\" target=\"_blank\" class=\"wp-block-social-link-anchor\"> <svg width=\"24\" height=\"24\" viewBox=\"0 0 24 24\" version=\"1.1\" xmlns=\"http:\/\/www.w3.org\/2000\/svg\" role=\"img\" aria-hidden=\"true\" focusable=\"false\"><path d=\"M20,4H4C2.895,4,2,4.895,2,6v12c0,1.105,0.895,2,2,2h16c1.105,0,2-0.895,2-2V6C22,4.895,21.105,4,20,4z M20,8.236l-8,4.882 L4,8.236V6h16V8.236z\"><\/path><\/svg><\/a><\/li><\/ul>\n","protected":false},"excerpt":{"rendered":"<p>Barom\u00e8tre des infrastructures de la Transition Ecologique Grand Est &#x267b;&#xfe0f;\u200b Face \u00e0 l&rsquo;urgence climatique \u200b&#x1f321;&#xfe0f;\u200b, la France s&rsquo;est engag\u00e9e dans une Strat\u00e9gie Nationale Bas-Carbone (SNBC) fixant les orientations et objectifs vers l&rsquo;atteinte de la neutralit\u00e9 carbone \u00e0 horizon 2050&#x1f4d1;\u200b. La mise en \u0153uvre de la trajectoire vers une \u00e9conomie bas-carbone &amp; circulaire est reprise et [&hellip;]<\/p>\n","protected":false},"author":1,"featured_media":0,"parent":0,"menu_order":0,"comment_status":"closed","ping_status":"closed","template":"","meta":[],"_links":{"self":[{"href":"https:\/\/cereco.net\/web\/index.php\/wp-json\/wp\/v2\/pages\/879"}],"collection":[{"href":"https:\/\/cereco.net\/web\/index.php\/wp-json\/wp\/v2\/pages"}],"about":[{"href":"https:\/\/cereco.net\/web\/index.php\/wp-json\/wp\/v2\/types\/page"}],"author":[{"embeddable":true,"href":"https:\/\/cereco.net\/web\/index.php\/wp-json\/wp\/v2\/users\/1"}],"replies":[{"embeddable":true,"href":"https:\/\/cereco.net\/web\/index.php\/wp-json\/wp\/v2\/comments?post=879"}],"version-history":[{"count":1158,"href":"https:\/\/cereco.net\/web\/index.php\/wp-json\/wp\/v2\/pages\/879\/revisions"}],"predecessor-version":[{"id":4251,"href":"https:\/\/cereco.net\/web\/index.php\/wp-json\/wp\/v2\/pages\/879\/revisions\/4251"}],"wp:attachment":[{"href":"https:\/\/cereco.net\/web\/index.php\/wp-json\/wp\/v2\/media?parent=879"}],"curies":[{"name":"wp","href":"https:\/\/api.w.org\/{rel}","templated":true}]}}