{"id":1831,"date":"2018-05-17T09:21:33","date_gmt":"2018-05-17T08:21:33","guid":{"rendered":"http:\/\/cereco.net\/web\/?page_id=1831"},"modified":"2022-07-08T16:24:05","modified_gmt":"2022-07-08T15:24:05","slug":"etudes-ponctuelles","status":"publish","type":"page","link":"https:\/\/cereco.net\/web\/index.php\/etudes-ponctuelles\/","title":{"rendered":"Etudes ponctuelles"},"content":{"rendered":"<p>Chaque ann\u00e9e, la <span style=\"color: #1c9cd9;\">CERC Grand Est<\/span> \u00e9labore plusieurs \u00e9tudes sur diff\u00e9rentes th\u00e9matiques dans le domaine du BTP.<\/p>\n<p>&nbsp;<\/p>\n<p><strong>Les performances des r\u00e9seaux d&rsquo;eau potable du bassin Rhin-Meuse (F\u00e9vrier 2018)<br \/>\n<\/strong><\/p>\n<p>\u00ab\u00a0R\u00e9pondant aux besoins d&rsquo;informations \u00e9manant de l&rsquo;agence de l&rsquo;eau Rhin-Meuse, dans le cadre des travaux pr\u00e9paratoires \u00e0 l&rsquo;\u00e9laboration du 11i\u00e8me programme d&rsquo;intervention, et des besoins des Canalisateurs du Grand Est pour identifier les potentiels travaux de renouvellement sur les r\u00e9seaux. La CERC a propos\u00e9 la r\u00e9alisation de l&rsquo;\u00e9tude ci-apr\u00e8s, en collaboration avec les services de l&rsquo;Agence Fran\u00e7aise pour la Biodiversit\u00e9 et des Directions D\u00e9partementales des Territoires, afin d&rsquo;\u00e9tablir un \u00e9tat des lieux repr\u00e9sentatif des performances des r\u00e9seaux et les perspectives en mati\u00e8re d&rsquo;engagement de travaux de r\u00e9duction des fuites, tenant compte du bouleversement territorial actuel (Loi NOTRe).\u00a0\u00bb<\/p>\n<p style=\"text-align: center;\"><a href=\"http:\/\/cereco.net\/web\/wp-content\/uploads\/2018\/06\/Pertes_eau_2017_synth\u00e8se_g\u00e9n\u00e9rale_diffusion.pdf\"><img loading=\"lazy\" class=\"alignnone wp-image-2084 size-medium\" src=\"http:\/\/cereco.net\/web\/wp-content\/uploads\/2018\/06\/eaupot-212x300.jpg\" alt=\"\" width=\"212\" height=\"300\"><\/a><a href=\"http:\/\/cereco.net\/web\/wp-content\/uploads\/2018\/06\/Pertes_eau_2017_synth\u00e8se_g\u00e9n\u00e9rale_diffusion.pdf\"><img loading=\"lazy\" class=\"alignnone wp-image-2085 size-medium\" src=\"http:\/\/cereco.net\/web\/wp-content\/uploads\/2018\/06\/eaupot-2-212x300.jpg\" alt=\"\" width=\"212\" height=\"300\"><\/a><\/p>\n<p style=\"text-align: center;\"><a href=\"http:\/\/cereco.net\/web\/wp-content\/uploads\/2018\/06\/Pertes_eau_2017_synth\u00e8se_g\u00e9n\u00e9rale_diffusion.pdf\">Synth\u00e8se du Bassin Rhin-Meuse<\/a><\/p>\n<ul>\n<li><a href=\"http:\/\/cereco.net\/web\/wp-content\/uploads\/2018\/06\/Pertes_eau_2017_08_fin.pdf\">Synth\u00e8se 08<\/a><\/li>\n<li><a href=\"http:\/\/cereco.net\/web\/wp-content\/uploads\/2018\/06\/Pertes_eau_2017_52_fin.pdf\">Synth\u00e8se 52<\/a><\/li>\n<li><a href=\"http:\/\/cereco.net\/web\/wp-content\/uploads\/2018\/06\/Pertes_eau_2017_54_fin.pdf\">Synth\u00e8se 54<\/a><\/li>\n<li><a href=\"http:\/\/cereco.net\/web\/wp-content\/uploads\/2018\/06\/Pertes_eau_2017_55_fin.pdf\">Synth\u00e8se 55<\/a><\/li>\n<li><a href=\"http:\/\/cereco.net\/web\/wp-content\/uploads\/2018\/06\/Pertes_eau_2017_57_fin.pdf\">Synth\u00e8se 57<\/a><\/li>\n<li><a href=\"http:\/\/cereco.net\/web\/wp-content\/uploads\/2018\/06\/Pertes_eau_2017_88_fin.pdf\">Synth\u00e8se 88<\/a><\/li>\n<li><a href=\"http:\/\/cereco.net\/web\/wp-content\/uploads\/2018\/06\/Pertes_eau_2017_67_fin.pdf\">Synth\u00e8se 67<\/a><\/li>\n<li><a href=\"http:\/\/cereco.net\/web\/wp-content\/uploads\/2018\/06\/Pertes_eau_2017_68_fin.pdf\">Synth\u00e8se 68<\/a><\/li>\n<\/ul>\n<p>&nbsp;<\/p>\n<p><!--<strong>Barom\u00e8tre Travaux Publics Durables (Mars 2017) :<\/strong>\n\nLa CEBTP-Alsace a r\u00e9alis\u00e9, avec le concours de la FRTP Alsace, de la Pr\u00e9fecture du Grand Est et de l'ORTAL, le barom\u00e8tre Travaux Publics Durables.\n\nBas\u00e9 sur la m\u00e9thodologie du GIE-R\u00e9seau des CERC, ce barom\u00e8tre permet un \u00e9tat des lieux des infrastructures alsaciennes ainsi qu'un \u00e9tat des lieux de la d\u00e9marche environnementale dans le secteur des Travaux Publics. Chiffres cl\u00e9s, \u00e9l\u00e9ments structurants, projets de chantier ou m\u00eame \u00e9tat du patrimoine,vous permettront de d\u00e9couvrir le secteur en Alsace.\n\n\n<p style=\"text-align: center;\"><a href=\"http:\/\/cereco.net\/web\/wp-content\/uploads\/2018\/05\/TP_Durables_Alsace.pdf\">Barom\u00e8tre Travaux Publics Durables<\/a><a href=\"http:\/\/cereco.net\/web\/wp-content\/uploads\/2018\/05\/TP_Durables_Alsace.pdf\"> Alsace<\/a><\/p>\n\n\n\n\n<strong>La qualit\u00e9 environnementale dans les constructions de logements neufs des bailleurs sociaux en Champagne-Ardenne (2016) :<\/strong>\nLa CEBTP-Alsace a \u00e9t\u00e9 missionn\u00e9e par la CER Champagne-Ardenne afin de r\u00e9aliser cette \u00e9tude.\nLa m\u00e9thodologie a \u00e9t\u00e9 \u00e9labor\u00e9e en PACA par la CERC et l\u2019AR HLM PACA &amp; Corse.\nL\u2019enqu\u00eate effectu\u00e9e vise \u00e0 mesurer la qualit\u00e9 environnementale des constructions neuves des bailleurs sociaux.\n\n\n<p style=\"text-align: center;\"><a href=\"http:\/\/cereco.net\/web\/wp-content\/uploads\/2018\/05\/ARCA-enqu\u00eate-2016.pdf\">QE Bailleurs Sociaux Champagne-Ardenne<\/a><\/p>\n\n\n\n\n<strong>L'emploi int\u00e9rimaire dans le Grand Est (2016 et 2017) :<\/strong>\n\nLes \u00e9tudes sur l\u2019emploi dans la construction visent \u00e0 \u00e9valuer la situation de l'emploi\u00a0 int\u00e9rimaire dans le domaine de la construction, la CERC \u00e9tant consciente qu'il s'agit d'indicateurs importants de la sant\u00e9 d'un secteur.\n\nLes donn\u00e9es sont fournies par la Direction de l'Animation de la Recherche des Etudes et des Statistiques (DARES).\n\nVous pouvez t\u00e9l\u00e9charger les \u00e9tudes r\u00e9alis\u00e9es sur l'emploi int\u00e9rimaire gr\u00e2ce aux liens ci-dessous :\n\n\n<p style=\"text-align: center;\"><a href=\"http:\/\/cereco.net\/web\/wp-content\/uploads\/2018\/05\/Int\u00e9rimaires-2017-VF.pdf\">Emploi Int\u00e9rimaire 2017<\/a>\n<a href=\"http:\/\/cereco.net\/web\/wp-content\/uploads\/2018\/05\/Int\u00e9rimaires-2016.pdf\">Emploi Int\u00e9rimaire 2016<\/a><\/p>\n\n\n\n\n<strong>Guide lorrain des formations : Efficacit\u00e9 \u00e9nerg\u00e9tique et \u00e9co-construction (2015)<\/strong>\n\nFruit d\u2019un travail partenarial impliquant les acteurs lorrains de la formation professionnelle, de l\u2019emploi et de la branche du B\u00e2timent, ce guide recense les formations initiales et continues, li\u00e9es \u00e0 la transition \u00e9nerg\u00e9tique et \u00e0 l\u2019\u00e9co-construction. Le guide s\u2019adresse aussi bien aux \u00e9l\u00e8ves et \u00e9tudiants, qu\u2019aux demandeurs d\u2019emplois, salari\u00e9s, chefs d\u2019entreprises ou responsables RH.\nUne premi\u00e8re actualisation a \u00e9t\u00e9 effectu\u00e9e par le CERECO en 2015.\n\nCette version est disponible en ligne sur le site : <a href=\"http:\/\/formations.lqe.fr\/\" target=\"_blank\" rel=\"noopener noreferrer\">http:\/\/formations.lqe.fr\/<\/a>.\n\n--><\/p>\n","protected":false},"excerpt":{"rendered":"<p>Chaque ann\u00e9e, la CERC Grand Est \u00e9labore plusieurs \u00e9tudes sur diff\u00e9rentes th\u00e9matiques dans le domaine du BTP. &nbsp; Les performances des r\u00e9seaux d&rsquo;eau potable du bassin Rhin-Meuse (F\u00e9vrier 2018) \u00ab\u00a0R\u00e9pondant aux besoins d&rsquo;informations \u00e9manant de l&rsquo;agence de l&rsquo;eau Rhin-Meuse, dans le cadre des travaux pr\u00e9paratoires \u00e0 l&rsquo;\u00e9laboration du 11i\u00e8me programme d&rsquo;intervention, et des besoins des [&hellip;]<\/p>\n","protected":false},"author":1,"featured_media":0,"parent":0,"menu_order":0,"comment_status":"closed","ping_status":"closed","template":"","meta":[],"_links":{"self":[{"href":"https:\/\/cereco.net\/web\/index.php\/wp-json\/wp\/v2\/pages\/1831"}],"collection":[{"href":"https:\/\/cereco.net\/web\/index.php\/wp-json\/wp\/v2\/pages"}],"about":[{"href":"https:\/\/cereco.net\/web\/index.php\/wp-json\/wp\/v2\/types\/page"}],"author":[{"embeddable":true,"href":"https:\/\/cereco.net\/web\/index.php\/wp-json\/wp\/v2\/users\/1"}],"replies":[{"embeddable":true,"href":"https:\/\/cereco.net\/web\/index.php\/wp-json\/wp\/v2\/comments?post=1831"}],"version-history":[{"count":10,"href":"https:\/\/cereco.net\/web\/index.php\/wp-json\/wp\/v2\/pages\/1831\/revisions"}],"predecessor-version":[{"id":3815,"href":"https:\/\/cereco.net\/web\/index.php\/wp-json\/wp\/v2\/pages\/1831\/revisions\/3815"}],"wp:attachment":[{"href":"https:\/\/cereco.net\/web\/index.php\/wp-json\/wp\/v2\/media?parent=1831"}],"curies":[{"name":"wp","href":"https:\/\/api.w.org\/{rel}","templated":true}]}}